{"id":49,"date":"2025-09-25T09:17:42","date_gmt":"2025-09-25T09:17:42","guid":{"rendered":"https:\/\/refis.com\/about\/"},"modified":"2025-11-26T07:54:13","modified_gmt":"2025-11-26T07:54:13","slug":"about","status":"publish","type":"page","link":"https:\/\/refis.com\/es\/about\/","title":{"rendered":"Sobre Nosotros"},"content":{"rendered":"\t\t<div data-elementor-type=\"wp-page\" data-elementor-id=\"49\" class=\"elementor elementor-49\" data-elementor-post-type=\"page\">\n\t\t\t\t\t\t<section class=\"elementor-section elementor-top-section elementor-element elementor-element-417b709 elementor-section-boxed elementor-section-height-default elementor-section-height-default\" data-id=\"417b709\" data-element_type=\"section\">\n\t\t\t\t\t\t<div class=\"elementor-container elementor-column-gap-no\">\n\t\t\t\t\t<div class=\"elementor-column elementor-col-100 elementor-top-column elementor-element elementor-element-f4cf935\" data-id=\"f4cf935\" data-element_type=\"column\">\n\t\t\t<div class=\"elementor-widget-wrap elementor-element-populated\">\n\t\t\t\t\t\t<div class=\"elementor-element elementor-element-9ffaf88 elementor-widget elementor-widget-heading\" data-id=\"9ffaf88\" data-element_type=\"widget\" data-widget_type=\"heading.default\">\n\t\t\t\t\t<h2 class=\"elementor-heading-title elementor-size-default\">REFIS Internacional<\/h2>\t\t\t\t<\/div>\n\t\t\t\t<div class=\"elementor-element elementor-element-9cbc638 elementor-invisible elementor-widget elementor-widget-text-editor\" data-id=\"9cbc638\" data-element_type=\"widget\" data-settings=\"{&quot;_animation&quot;:&quot;fadeInUp&quot;,&quot;_animation_delay&quot;:200}\" data-widget_type=\"text-editor.default\">\n\t\t\t\t\t\t\t\t\t<p>Somos una firma de consultor\u00eda fiscal y legal con sede en Torrevieja (Alicante), especializada en asesorar a clientes internacionales. Nuestro equipo ofrece un servicio profesional y cercano en materia tributaria, jur\u00eddica y de gesti\u00f3n, con la confianza y experiencia de m\u00e1s de 25 a\u00f1os atendiendo a residentes y no residentes en la Costa Blanca.<\/p>\t\t\t\t\t\t\t\t<\/div>\n\t\t\t\t<div class=\"elementor-element elementor-element-8e4f7e1 elementor-invisible elementor-widget elementor-widget-image\" data-id=\"8e4f7e1\" data-element_type=\"widget\" data-settings=\"{&quot;_animation&quot;:&quot;zoomIn&quot;,&quot;_animation_delay&quot;:400}\" data-widget_type=\"image.default\">\n\t\t\t\t\t\t\t\t\t\t\t\t\t\t\t<img fetchpriority=\"high\" decoding=\"async\" width=\"2560\" height=\"1152\" src=\"https:\/\/refis.com\/wp-content\/uploads\/2025\/10\/IMG_20250910_094546-scaled.webp\" class=\"attachment-full size-full wp-image-346\" alt=\"Oficina refis\" srcset=\"https:\/\/refis.com\/wp-content\/uploads\/2025\/10\/IMG_20250910_094546-scaled.webp 2560w, https:\/\/refis.com\/wp-content\/uploads\/2025\/10\/IMG_20250910_094546-300x135.webp 300w, https:\/\/refis.com\/wp-content\/uploads\/2025\/10\/IMG_20250910_094546-1024x461.webp 1024w, https:\/\/refis.com\/wp-content\/uploads\/2025\/10\/IMG_20250910_094546-768x346.webp 768w, https:\/\/refis.com\/wp-content\/uploads\/2025\/10\/IMG_20250910_094546-1536x691.webp 1536w, https:\/\/refis.com\/wp-content\/uploads\/2025\/10\/IMG_20250910_094546-2048x922.webp 2048w\" sizes=\"(max-width: 2560px) 100vw, 2560px\" \/>\t\t\t\t\t\t\t\t\t\t\t\t\t\t\t<\/div>\n\t\t\t\t<div class=\"elementor-element elementor-element-8189294 elementor-invisible elementor-widget elementor-widget-text-editor\" data-id=\"8189294\" data-element_type=\"widget\" data-settings=\"{&quot;_animation&quot;:&quot;fadeInUp&quot;,&quot;_animation_delay&quot;:200}\" data-widget_type=\"text-editor.default\">\n\t\t\t\t\t\t\t\t\t<p data-start=\"321\" data-end=\"660\">En <strong data-start=\"324\" data-end=\"350\">REFIS INTERNACIONAL<\/strong>&nbsp;entendemos las necesidades espec\u00edficas de quienes deciden invertir, residir o establecerse en Espa\u00f1a. Nuestro prop\u00f3sito es ofrecer <strong data-start=\"482\" data-end=\"507\">soluciones integrales<\/strong> que simplifiquen los tr\u00e1mites fiscales, legales y administrativos, garantizando siempre claridad, seguridad y un acompa\u00f1amiento personal en cada paso.<\/p>\n<p data-start=\"662\" data-end=\"939\">Nos distinguimos por nuestro enfoque <strong data-start=\"699\" data-end=\"730\">multiling\u00fce<\/strong>. Atendemos en varios idiomas como espa\u00f1ol, ingl\u00e9s, alem\u00e1n, sueco, holand\u00e9s y franc\u00e9s para eliminar barreras de comunicaci\u00f3n y asegurar que cada cliente comprenda perfectamente sus derechos y obligaciones en Espa\u00f1a.<\/p>\n<p data-start=\"941\" data-end=\"1267\">A lo largo de m\u00e1s de dos d\u00e9cadas, hemos construido relaciones duraderas con particulares, empresas y profesionales de distintos pa\u00edses. Nuestra reputaci\u00f3n se basa en la <strong data-start=\"1110\" data-end=\"1156\">transparencia, la discreci\u00f3n y la eficacia<\/strong>, valores que nos han convertido en un referente en asesor\u00eda internacional en la Vega Baja y la Costa Blanca.<\/p>\n<p data-start=\"1269\" data-end=\"1660\">Adem\u00e1s de nuestra experiencia en materia fiscal y legal, ofrecemos servicios complementarios que aportan <strong data-start=\"1374\" data-end=\"1428\">tranquilidad y comodidad al propietario extranjero<\/strong>: administraci\u00f3n de viviendas, custodia de llaves, vigilancia, gesti\u00f3n de seguros y tramitaci\u00f3n de licencias o certificados. Nos ocupamos de los detalles para que nuestros clientes puedan disfrutar plenamente de su vida en Espa\u00f1a.<\/p>\t\t\t\t\t\t\t\t<\/div>\n\t\t\t\t\t<\/div>\n\t\t<\/div>\n\t\t\t\t\t<\/div>\n\t\t<\/section>\n\t\t<div class=\"elementor-element elementor-element-0275d75 e-flex e-con-boxed e-con e-parent\" data-id=\"0275d75\" data-element_type=\"container\">\n\t\t\t\t\t<div class=\"e-con-inner\">\n\t\t<div class=\"elementor-element elementor-element-67e128c e-con-full e-flex e-con e-child\" data-id=\"67e128c\" data-element_type=\"container\">\n\t\t<div class=\"elementor-element elementor-element-82f7e3c e-con-full e-flex elementor-invisible e-con e-child\" data-id=\"82f7e3c\" data-element_type=\"container\" data-settings=\"{&quot;animation&quot;:&quot;zoomIn&quot;}\">\n\t\t<div class=\"elementor-element elementor-element-6549ed0 e-con-full e-flex e-con e-child\" data-id=\"6549ed0\" data-element_type=\"container\">\n\t\t\t\t<div class=\"elementor-element elementor-element-a276f88 elementor-widget elementor-widget-heading\" data-id=\"a276f88\" data-element_type=\"widget\" data-widget_type=\"heading.default\">\n\t\t\t\t\t<h2 class=\"elementor-heading-title elementor-size-default\">\u00bfPor qu\u00e9 elegirnos?<\/h2>\t\t\t\t<\/div>\n\t\t\t\t<div class=\"elementor-element elementor-element-44bf770 elementor-widget elementor-widget-text-editor\" data-id=\"44bf770\" data-element_type=\"widget\" data-widget_type=\"text-editor.default\">\n\t\t\t\t\t\t\t\t\t<p>En REFIS creemos que la confianza se construye con cercan\u00eda y resultados. Por eso combinamos la profesionalidad de una firma consolidada con la atenci\u00f3n personalizada de un equipo local que conoce a fondo la legislaci\u00f3n, la cultura y las necesidades reales de quienes conf\u00edan en nosotros.<\/p>\t\t\t\t\t\t\t\t<\/div>\n\t\t\t\t<\/div>\n\t\t\t\t<\/div>\n\t\t\t\t<\/div>\n\t\t\t\t\t<\/div>\n\t\t\t\t<\/div>\n\t\t<div class=\"elementor-element elementor-element-5052bf0 e-grid e-con-boxed e-con e-parent\" data-id=\"5052bf0\" data-element_type=\"container\">\n\t\t\t\t\t<div class=\"e-con-inner\">\n\t\t\t\t<div class=\"elementor-element elementor-element-062ba01 eael-infobox-content-align--left eael-infobox-shape-square eael-infobox-hover-img-shape-square elementor-invisible elementor-widget elementor-widget-eael-info-box\" data-id=\"062ba01\" data-element_type=\"widget\" data-settings=\"{&quot;_animation&quot;:&quot;fadeInUp&quot;}\" data-widget_type=\"eael-info-box.default\">\n\t\t\t\t\t        <div class=\"eael-infobox icon-on-top\">\n\t            <div class=\"infobox-icon\">\n\n                            <img decoding=\"async\" src=\"https:\/\/refis.com\/wp-content\/uploads\/2025\/09\/Diseno-sin-titulo-15.webp\" alt=\"imagen decorativa de un gr\u00e1fico\">\n            \n            \n            \n        <\/div>\n            <div class=\"infobox-content\">\n                    <div class=\"infobox-title-section\">\n                <h4 class=\"title\">Experiencia<\/h4>            <\/div>\n            <div><p>Contamos con m\u00e1s de 15 a\u00f1os de experiencia en el sector, resolviendo todo tipo de situaciones<\/p><\/div>        <\/div>\n            <\/div>\n\n\t\t\t\t\t\t<\/div>\n\t\t\t\t<div class=\"elementor-element elementor-element-72d0764 eael-infobox-content-align--left eael-infobox-shape-square eael-infobox-hover-img-shape-square elementor-invisible elementor-widget elementor-widget-eael-info-box\" data-id=\"72d0764\" data-element_type=\"widget\" data-settings=\"{&quot;_animation&quot;:&quot;fadeInUp&quot;}\" data-widget_type=\"eael-info-box.default\">\n\t\t\t\t\t        <div class=\"eael-infobox icon-on-top\">\n\t            <div class=\"infobox-icon\">\n\n                            <img decoding=\"async\" src=\"https:\/\/refis.com\/wp-content\/uploads\/2025\/11\/Diseno-sin-titulo-28.webp\" alt=\"Banderas de espa\u00f1a, uk,francia, pa\u00edses bajos y alemania\">\n            \n            \n            \n        <\/div>\n            <div class=\"infobox-content\">\n                    <div class=\"infobox-title-section\">\n                <h4 class=\"title\">Hablamos tu idioma<\/h4>            <\/div>\n            <div><p>Te atendemos en espa\u00f1ol, ingl\u00e9s, alem\u00e1n, franc\u00e9s y holand\u00e9s para que la barrera ling\u00fc\u00edstica sea el menor de tus problemas<\/p><\/div>        <\/div>\n            <\/div>\n\n\t\t\t\t\t\t<\/div>\n\t\t\t\t<div class=\"elementor-element elementor-element-183664d eael-infobox-content-align--left eael-infobox-shape-square eael-infobox-hover-img-shape-square elementor-invisible elementor-widget elementor-widget-eael-info-box\" data-id=\"183664d\" data-element_type=\"widget\" data-settings=\"{&quot;_animation&quot;:&quot;fadeInUp&quot;}\" data-widget_type=\"eael-info-box.default\">\n\t\t\t\t\t        <div class=\"eael-infobox icon-on-top\">\n\t            <div class=\"infobox-icon\">\n\n                            <img decoding=\"async\" src=\"https:\/\/refis.com\/wp-content\/uploads\/2025\/09\/Diseno-sin-titulo-14.webp\" alt=\"imagen decorativa de un asesor\">\n            \n            \n            \n        <\/div>\n            <div class=\"infobox-content\">\n                    <div class=\"infobox-title-section\">\n                <h4 class=\"title\">Cercan\u00eda<\/h4>            <\/div>\n            <div><p>Buscamos ofrecerte las mejores soluciones, con un trato cercano y personalizado a cada cliente<\/p><\/div>        <\/div>\n            <\/div>\n\n\t\t\t\t\t\t<\/div>\n\t\t\t\t\t<\/div>\n\t\t\t\t<\/div>\n\t\t\t\t<section class=\"elementor-section elementor-top-section elementor-element elementor-element-90370c5 elementor-hidden-desktop elementor-hidden-tablet elementor-hidden-mobile elementor-section-boxed elementor-section-height-default elementor-section-height-default\" data-id=\"90370c5\" data-element_type=\"section\" id=\"team-section\">\n\t\t\t\t\t\t\t<div class=\"elementor-background-overlay\"><\/div>\n\t\t\t\t\t\t\t<div class=\"elementor-container elementor-column-gap-no\">\n\t\t\t\t\t<div class=\"elementor-column elementor-col-100 elementor-top-column elementor-element elementor-element-0f8eaa4\" data-id=\"0f8eaa4\" data-element_type=\"column\">\n\t\t\t<div class=\"elementor-widget-wrap elementor-element-populated\">\n\t\t\t\t\t\t<section class=\"elementor-section elementor-inner-section elementor-element elementor-element-3b915f4 elementor-section-boxed elementor-section-height-default elementor-section-height-default elementor-invisible\" data-id=\"3b915f4\" data-element_type=\"section\" data-settings=\"{&quot;animation&quot;:&quot;zoomIn&quot;}\">\n\t\t\t\t\t\t<div class=\"elementor-container elementor-column-gap-no\">\n\t\t\t\t\t<div class=\"elementor-column elementor-col-100 elementor-inner-column elementor-element elementor-element-30d2e40\" data-id=\"30d2e40\" data-element_type=\"column\">\n\t\t\t<div class=\"elementor-widget-wrap elementor-element-populated\">\n\t\t\t\t\t\t<div class=\"elementor-element elementor-element-7959e4e elementor-widget elementor-widget-heading\" data-id=\"7959e4e\" data-element_type=\"widget\" data-widget_type=\"heading.default\">\n\t\t\t\t\t<h2 class=\"elementor-heading-title elementor-size-default\">Los profesionales detr\u00e1s de REFIS<\/h2>\t\t\t\t<\/div>\n\t\t\t\t<div class=\"elementor-element elementor-element-52e0c43 elementor-widget elementor-widget-text-editor\" data-id=\"52e0c43\" data-element_type=\"widget\" data-widget_type=\"text-editor.default\">\n\t\t\t\t\t\t\t\t\t<p>Nuestro equipo trabaja cada d\u00eda para brindarte un servicio de calidad y ayudarte con todos tus tr\u00e1mites.<\/p>\t\t\t\t\t\t\t\t<\/div>\n\t\t\t\t\t<\/div>\n\t\t<\/div>\n\t\t\t\t\t<\/div>\n\t\t<\/section>\n\t\t<div class=\"elementor-element elementor-element-6a362a0 e-con-full e-flex e-con e-parent\" data-id=\"6a362a0\" data-element_type=\"container\">\n\t\t<div class=\"elementor-element elementor-element-fa962dd e-con-full e-flex e-con e-child\" data-id=\"fa962dd\" data-element_type=\"container\">\n\t\t\t\t<div class=\"elementor-element elementor-element-c7adc8a eael-team-align-centered elementor-invisible elementor-widget elementor-widget-eael-team-member\" data-id=\"c7adc8a\" data-element_type=\"widget\" data-settings=\"{&quot;_animation&quot;:&quot;fadeInLeft&quot;}\" data-widget_type=\"eael-team-member.default\">\n\t\t\t\t\t\n\n\t<div id=\"eael-team-member-c7adc8a\" class=\"eael-team-item eael-team-members-simple \">\n\t\t<div class=\"eael-team-item-inner\">\n\t\t\t<div class=\"eael-team-image\">\n\t\t\t\t<figure>\n\t\t\t\t\t\t\t\t\t\t<img decoding=\"async\" src=\"https:\/\/refis.com\/wp-content\/uploads\/2024\/03\/a351e667-team-1.jpg\" alt=\"\">\n\t\t\t\t\t\t\t\t\t<\/figure>\n\t\t\t\t\n\t\t\t\t\n\t\t\t<\/div>\n\n\t\t\t<div class=\"eael-team-content\">\n\t\t\t\t<h2 class=\"eael-team-member-name\">John Doe<\/h2><h3 class=\"eael-team-member-position\">Lawyer<\/h3>\n\t\t\t\t\t\t\t\t\t\t\t\t\t\t<p class=\"eael-team-text\"><\/p>\n\t\t\t\t\t\t\t<\/div>\n\t\t<\/div>\n\t<\/div>\n\t\t\t\t\t<\/div>\n\t\t\t\t<\/div>\n\t\t<div class=\"elementor-element elementor-element-4f7e16e e-con-full e-flex e-con e-child\" data-id=\"4f7e16e\" data-element_type=\"container\">\n\t\t\t\t<div class=\"elementor-element elementor-element-f888fee eael-team-align-centered elementor-invisible elementor-widget elementor-widget-eael-team-member\" data-id=\"f888fee\" data-element_type=\"widget\" data-settings=\"{&quot;_animation&quot;:&quot;fadeInLeft&quot;}\" data-widget_type=\"eael-team-member.default\">\n\t\t\t\t\t\n\n\t<div id=\"eael-team-member-f888fee\" class=\"eael-team-item eael-team-members-simple \">\n\t\t<div class=\"eael-team-item-inner\">\n\t\t\t<div class=\"eael-team-image\">\n\t\t\t\t<figure>\n\t\t\t\t\t\t\t\t\t\t<img decoding=\"async\" src=\"https:\/\/refis.com\/wp-content\/uploads\/2024\/03\/3e960c85-team-2.jpg\" alt=\"\">\n\t\t\t\t\t\t\t\t\t<\/figure>\n\t\t\t\t\n\t\t\t\t\n\t\t\t<\/div>\n\n\t\t\t<div class=\"eael-team-content\">\n\t\t\t\t<h2 class=\"eael-team-member-name\">Jhon Doe<\/h2><h3 class=\"eael-team-member-position\">CEO<\/h3>\n\t\t\t\t\t\t\t\t\t\t\t\t\t\t<p class=\"eael-team-text\"><\/p>\n\t\t\t\t\t\t\t<\/div>\n\t\t<\/div>\n\t<\/div>\n\t\t\t\t\t<\/div>\n\t\t\t\t<\/div>\n\t\t<div class=\"elementor-element elementor-element-621215a e-con-full e-flex e-con e-child\" data-id=\"621215a\" data-element_type=\"container\">\n\t\t\t\t<div class=\"elementor-element elementor-element-472e61b eael-team-align-centered elementor-invisible elementor-widget elementor-widget-eael-team-member\" data-id=\"472e61b\" data-element_type=\"widget\" data-settings=\"{&quot;_animation&quot;:&quot;fadeInLeft&quot;}\" data-widget_type=\"eael-team-member.default\">\n\t\t\t\t\t\n\n\t<div id=\"eael-team-member-472e61b\" class=\"eael-team-item eael-team-members-simple \">\n\t\t<div class=\"eael-team-item-inner\">\n\t\t\t<div class=\"eael-team-image\">\n\t\t\t\t<figure>\n\t\t\t\t\t\t\t\t\t\t<img decoding=\"async\" src=\"https:\/\/refis.com\/wp-content\/uploads\/2024\/03\/ae4cfbfb-team-3.jpg\" alt=\"\">\n\t\t\t\t\t\t\t\t\t<\/figure>\n\t\t\t\t\n\t\t\t\t\n\t\t\t<\/div>\n\n\t\t\t<div class=\"eael-team-content\">\n\t\t\t\t<h2 class=\"eael-team-member-name\">John Doe<\/h2><h3 class=\"eael-team-member-position\">Lawyer<\/h3>\n\t\t\t\t\t\t\t\t\t\t\t\t\t\t<p class=\"eael-team-text\"><\/p>\n\t\t\t\t\t\t\t<\/div>\n\t\t<\/div>\n\t<\/div>\n\t\t\t\t\t<\/div>\n\t\t\t\t<\/div>\n\t\t\t\t<\/div>\n\t\t\t\t\t<\/div>\n\t\t<\/div>\n\t\t\t\t\t<\/div>\n\t\t<\/section>\n\t\t<div class=\"elementor-element elementor-element-40349a24 e-con-full elementor-hidden-desktop elementor-hidden-tablet elementor-hidden-mobile e-flex e-con e-parent\" data-id=\"40349a24\" data-element_type=\"container\">\n\t\t<div class=\"elementor-element elementor-element-6c4ec6a7 e-con-full e-flex e-con e-child\" data-id=\"6c4ec6a7\" data-element_type=\"container\" data-settings=\"{&quot;background_background&quot;:&quot;classic&quot;}\">\n\t\t\t\t<div class=\"elementor-element elementor-element-3fa1fcd3 elementor-widget elementor-widget-heading\" data-id=\"3fa1fcd3\" data-element_type=\"widget\" data-widget_type=\"heading.default\">\n\t\t\t\t\t<h2 class=\"elementor-heading-title elementor-size-default\">JOHN DOE<br>LAWYER<\/h2>\t\t\t\t<\/div>\n\t\t\t\t<\/div>\n\t\t<div class=\"elementor-element elementor-element-59bcfd00 e-con-full e-flex e-con e-child\" data-id=\"59bcfd00\" data-element_type=\"container\" data-settings=\"{&quot;background_background&quot;:&quot;classic&quot;}\">\n\t\t\t\t<div class=\"elementor-element elementor-element-dd1c9d5 elementor-widget elementor-widget-heading\" data-id=\"dd1c9d5\" data-element_type=\"widget\" data-widget_type=\"heading.default\">\n\t\t\t\t\t<h2 class=\"elementor-heading-title elementor-size-default\">jOHN DOE<br>CEO<\/h2>\t\t\t\t<\/div>\n\t\t\t\t<\/div>\n\t\t<div class=\"elementor-element elementor-element-55f15b2 e-con-full e-flex e-con e-child\" data-id=\"55f15b2\" data-element_type=\"container\" data-settings=\"{&quot;background_background&quot;:&quot;classic&quot;}\">\n\t\t\t\t<div class=\"elementor-element elementor-element-c462c80 elementor-widget elementor-widget-heading\" data-id=\"c462c80\" data-element_type=\"widget\" data-widget_type=\"heading.default\">\n\t\t\t\t\t<h2 class=\"elementor-heading-title elementor-size-default\">JOHN DOE<br>LAWYER<\/h2>\t\t\t\t<\/div>\n\t\t\t\t<\/div>\n\t\t\t\t<\/div>\n\t\t\t\t<\/div>\n\t\t","protected":false},"excerpt":{"rendered":"<p>REFIS Internacional Somos una firma de consultor\u00eda fiscal y legal con sede en Torrevieja (Alicante), especializada en asesorar a clientes internacionales. Nuestro equipo ofrece un servicio profesional y cercano en materia tributaria, jur\u00eddica y de gesti\u00f3n, con la confianza y experiencia de m\u00e1s de 25 a\u00f1os atendiendo a residentes y no residentes en la Costa [&hellip;]<\/p>\n","protected":false},"author":1,"featured_media":0,"parent":0,"menu_order":0,"comment_status":"closed","ping_status":"closed","template":"","meta":{"footnotes":""},"class_list":["post-49","page","type-page","status-publish","hentry"],"yoast_head":"<!-- This site is optimized with the Yoast SEO plugin v26.5 - https:\/\/yoast.com\/wordpress\/plugins\/seo\/ -->\n<title>Asesor\u00eda legal Torrevieja -Sobre Nosotros - REFIS Internacional<\/title>\n<meta name=\"description\" content=\"En REFIS tenemos un equipo de asesores para extranjeros que te ayudar\u00e1n con compraventa, impuestos, seguros y asesor\u00eda legal en Torrevieja.\" \/>\n<meta name=\"robots\" content=\"index, follow, max-snippet:-1, max-image-preview:large, max-video-preview:-1\" \/>\n<link rel=\"canonical\" href=\"https:\/\/refis.com\/es\/about\/\" \/>\n<meta property=\"og:locale\" content=\"es_ES\" \/>\n<meta property=\"og:type\" content=\"article\" \/>\n<meta property=\"og:title\" content=\"Asesor\u00eda legal Torrevieja -Sobre Nosotros - REFIS Internacional\" \/>\n<meta property=\"og:description\" content=\"En REFIS tenemos un equipo de asesores para extranjeros que te ayudar\u00e1n con compraventa, impuestos, seguros y asesor\u00eda legal en Torrevieja.\" \/>\n<meta property=\"og:url\" content=\"https:\/\/refis.com\/es\/about\/\" \/>\n<meta property=\"og:site_name\" content=\"REFIS Internacional\" \/>\n<meta property=\"article:modified_time\" content=\"2025-11-26T07:54:13+00:00\" \/>\n<meta property=\"og:image\" content=\"https:\/\/refis.com\/wp-content\/uploads\/2025\/10\/IMG_20250910_094546-scaled.webp\" \/>\n<meta name=\"twitter:card\" content=\"summary_large_image\" \/>\n<meta name=\"twitter:label1\" content=\"Tiempo de lectura\" \/>\n\t<meta name=\"twitter:data1\" content=\"4 minutos\" \/>\n<script type=\"application\/ld+json\" class=\"yoast-schema-graph\">{\"@context\":\"https:\/\/schema.org\",\"@graph\":[{\"@type\":\"WebPage\",\"@id\":\"https:\/\/refis.com\/es\/about\/\",\"url\":\"https:\/\/refis.com\/es\/about\/\",\"name\":\"Asesor\u00eda legal Torrevieja -Sobre Nosotros - REFIS Internacional\",\"isPartOf\":{\"@id\":\"https:\/\/refis.com\/es\/#website\"},\"primaryImageOfPage\":{\"@id\":\"https:\/\/refis.com\/es\/about\/#primaryimage\"},\"image\":{\"@id\":\"https:\/\/refis.com\/es\/about\/#primaryimage\"},\"thumbnailUrl\":\"https:\/\/refis.com\/wp-content\/uploads\/2025\/10\/IMG_20250910_094546-scaled.webp\",\"datePublished\":\"2025-09-25T09:17:42+00:00\",\"dateModified\":\"2025-11-26T07:54:13+00:00\",\"description\":\"En REFIS tenemos un equipo de asesores para extranjeros que te ayudar\u00e1n con compraventa, impuestos, seguros y asesor\u00eda legal en Torrevieja.\",\"breadcrumb\":{\"@id\":\"https:\/\/refis.com\/es\/about\/#breadcrumb\"},\"inLanguage\":\"es\",\"potentialAction\":[{\"@type\":\"ReadAction\",\"target\":[\"https:\/\/refis.com\/es\/about\/\"]}]},{\"@type\":\"ImageObject\",\"inLanguage\":\"es\",\"@id\":\"https:\/\/refis.com\/es\/about\/#primaryimage\",\"url\":\"https:\/\/refis.com\/wp-content\/uploads\/2025\/10\/IMG_20250910_094546-scaled.webp\",\"contentUrl\":\"https:\/\/refis.com\/wp-content\/uploads\/2025\/10\/IMG_20250910_094546-scaled.webp\"},{\"@type\":\"BreadcrumbList\",\"@id\":\"https:\/\/refis.com\/es\/about\/#breadcrumb\",\"itemListElement\":[{\"@type\":\"ListItem\",\"position\":1,\"name\":\"Portada\",\"item\":\"https:\/\/refis.com\/es\/\"},{\"@type\":\"ListItem\",\"position\":2,\"name\":\"Sobre Nosotros\"}]},{\"@type\":\"WebSite\",\"@id\":\"https:\/\/refis.com\/es\/#website\",\"url\":\"https:\/\/refis.com\/es\/\",\"name\":\"REFIS Internacional\",\"description\":\"Despacho especializado en asesor\u00eda fiscal, legal y de consultor\u00eda, dedicado a ofrecer soluciones integrales a particulares y empresas para optimizar su gesti\u00f3n, garantizar el cumplimiento normativo y apoyar en la toma de decisiones estrat\u00e9gicas.\",\"publisher\":{\"@id\":\"https:\/\/refis.com\/es\/#organization\"},\"potentialAction\":[{\"@type\":\"SearchAction\",\"target\":{\"@type\":\"EntryPoint\",\"urlTemplate\":\"https:\/\/refis.com\/es\/?s={search_term_string}\"},\"query-input\":{\"@type\":\"PropertyValueSpecification\",\"valueRequired\":true,\"valueName\":\"search_term_string\"}}],\"inLanguage\":\"es\"},{\"@type\":\"Organization\",\"@id\":\"https:\/\/refis.com\/es\/#organization\",\"name\":\"REFIS Internacional\",\"url\":\"https:\/\/refis.com\/es\/\",\"logo\":{\"@type\":\"ImageObject\",\"inLanguage\":\"es\",\"@id\":\"https:\/\/refis.com\/es\/#\/schema\/logo\/image\/\",\"url\":\"https:\/\/refis.com\/wp-content\/uploads\/2025\/09\/Diseno-sin-titulo-25.png\",\"contentUrl\":\"https:\/\/refis.com\/wp-content\/uploads\/2025\/09\/Diseno-sin-titulo-25.png\",\"width\":500,\"height\":500,\"caption\":\"REFIS Internacional\"},\"image\":{\"@id\":\"https:\/\/refis.com\/es\/#\/schema\/logo\/image\/\"}}]}<\/script>\n<!-- \/ Yoast SEO plugin. -->","yoast_head_json":{"title":"Asesor\u00eda legal Torrevieja -Sobre Nosotros - REFIS Internacional","description":"En REFIS tenemos un equipo de asesores para extranjeros que te ayudar\u00e1n con compraventa, impuestos, seguros y asesor\u00eda legal en Torrevieja.","robots":{"index":"index","follow":"follow","max-snippet":"max-snippet:-1","max-image-preview":"max-image-preview:large","max-video-preview":"max-video-preview:-1"},"canonical":"https:\/\/refis.com\/es\/about\/","og_locale":"es_ES","og_type":"article","og_title":"Asesor\u00eda legal Torrevieja -Sobre Nosotros - REFIS Internacional","og_description":"En REFIS tenemos un equipo de asesores para extranjeros que te ayudar\u00e1n con compraventa, impuestos, seguros y asesor\u00eda legal en Torrevieja.","og_url":"https:\/\/refis.com\/es\/about\/","og_site_name":"REFIS Internacional","article_modified_time":"2025-11-26T07:54:13+00:00","og_image":[{"url":"https:\/\/refis.com\/wp-content\/uploads\/2025\/10\/IMG_20250910_094546-scaled.webp","type":"","width":"","height":""}],"twitter_card":"summary_large_image","twitter_misc":{"Tiempo de lectura":"4 minutos"},"schema":{"@context":"https:\/\/schema.org","@graph":[{"@type":"WebPage","@id":"https:\/\/refis.com\/es\/about\/","url":"https:\/\/refis.com\/es\/about\/","name":"Asesor\u00eda legal Torrevieja -Sobre Nosotros - REFIS Internacional","isPartOf":{"@id":"https:\/\/refis.com\/es\/#website"},"primaryImageOfPage":{"@id":"https:\/\/refis.com\/es\/about\/#primaryimage"},"image":{"@id":"https:\/\/refis.com\/es\/about\/#primaryimage"},"thumbnailUrl":"https:\/\/refis.com\/wp-content\/uploads\/2025\/10\/IMG_20250910_094546-scaled.webp","datePublished":"2025-09-25T09:17:42+00:00","dateModified":"2025-11-26T07:54:13+00:00","description":"En REFIS tenemos un equipo de asesores para extranjeros que te ayudar\u00e1n con compraventa, impuestos, seguros y asesor\u00eda legal en Torrevieja.","breadcrumb":{"@id":"https:\/\/refis.com\/es\/about\/#breadcrumb"},"inLanguage":"es","potentialAction":[{"@type":"ReadAction","target":["https:\/\/refis.com\/es\/about\/"]}]},{"@type":"ImageObject","inLanguage":"es","@id":"https:\/\/refis.com\/es\/about\/#primaryimage","url":"https:\/\/refis.com\/wp-content\/uploads\/2025\/10\/IMG_20250910_094546-scaled.webp","contentUrl":"https:\/\/refis.com\/wp-content\/uploads\/2025\/10\/IMG_20250910_094546-scaled.webp"},{"@type":"BreadcrumbList","@id":"https:\/\/refis.com\/es\/about\/#breadcrumb","itemListElement":[{"@type":"ListItem","position":1,"name":"Portada","item":"https:\/\/refis.com\/es\/"},{"@type":"ListItem","position":2,"name":"Sobre Nosotros"}]},{"@type":"WebSite","@id":"https:\/\/refis.com\/es\/#website","url":"https:\/\/refis.com\/es\/","name":"REFIS Internacional","description":"Despacho especializado en asesor\u00eda fiscal, legal y de consultor\u00eda, dedicado a ofrecer soluciones integrales a particulares y empresas para optimizar su gesti\u00f3n, garantizar el cumplimiento normativo y apoyar en la toma de decisiones estrat\u00e9gicas.","publisher":{"@id":"https:\/\/refis.com\/es\/#organization"},"potentialAction":[{"@type":"SearchAction","target":{"@type":"EntryPoint","urlTemplate":"https:\/\/refis.com\/es\/?s={search_term_string}"},"query-input":{"@type":"PropertyValueSpecification","valueRequired":true,"valueName":"search_term_string"}}],"inLanguage":"es"},{"@type":"Organization","@id":"https:\/\/refis.com\/es\/#organization","name":"REFIS Internacional","url":"https:\/\/refis.com\/es\/","logo":{"@type":"ImageObject","inLanguage":"es","@id":"https:\/\/refis.com\/es\/#\/schema\/logo\/image\/","url":"https:\/\/refis.com\/wp-content\/uploads\/2025\/09\/Diseno-sin-titulo-25.png","contentUrl":"https:\/\/refis.com\/wp-content\/uploads\/2025\/09\/Diseno-sin-titulo-25.png","width":500,"height":500,"caption":"REFIS Internacional"},"image":{"@id":"https:\/\/refis.com\/es\/#\/schema\/logo\/image\/"}}]}},"_links":{"self":[{"href":"https:\/\/refis.com\/es\/wp-json\/wp\/v2\/pages\/49","targetHints":{"allow":["GET"]}}],"collection":[{"href":"https:\/\/refis.com\/es\/wp-json\/wp\/v2\/pages"}],"about":[{"href":"https:\/\/refis.com\/es\/wp-json\/wp\/v2\/types\/page"}],"author":[{"embeddable":true,"href":"https:\/\/refis.com\/es\/wp-json\/wp\/v2\/users\/1"}],"replies":[{"embeddable":true,"href":"https:\/\/refis.com\/es\/wp-json\/wp\/v2\/comments?post=49"}],"version-history":[{"count":40,"href":"https:\/\/refis.com\/es\/wp-json\/wp\/v2\/pages\/49\/revisions"}],"predecessor-version":[{"id":953,"href":"https:\/\/refis.com\/es\/wp-json\/wp\/v2\/pages\/49\/revisions\/953"}],"wp:attachment":[{"href":"https:\/\/refis.com\/es\/wp-json\/wp\/v2\/media?parent=49"}],"curies":[{"name":"wp","href":"https:\/\/api.w.org\/{rel}","templated":true}]}}