{"id":358,"date":"2025-10-27T09:34:52","date_gmt":"2025-10-27T09:34:52","guid":{"rendered":"https:\/\/refis.com\/?page_id=358"},"modified":"2026-04-22T08:59:40","modified_gmt":"2026-04-22T06:59:40","slug":"politica-de-privacidad","status":"publish","type":"page","link":"https:\/\/refis.com\/es\/politica-de-privacidad\/","title":{"rendered":"Pol\u00edtica de privacidad"},"content":{"rendered":"\t\t<div data-elementor-type=\"wp-page\" data-elementor-id=\"358\" class=\"elementor elementor-358\" data-elementor-post-type=\"page\">\n\t\t\t\t<div class=\"elementor-element elementor-element-38deb64 e-flex e-con-boxed e-con e-parent\" data-id=\"38deb64\" data-element_type=\"container\">\n\t\t\t\t\t<div class=\"e-con-inner\">\n\t\t\t\t<div class=\"elementor-element elementor-element-31c543f elementor-widget elementor-widget-heading\" data-id=\"31c543f\" data-element_type=\"widget\" data-widget_type=\"heading.default\">\n\t\t\t\t\t<h2 class=\"elementor-heading-title elementor-size-default\">Pol\u00edtica de privacidad<\/h2>\t\t\t\t<\/div>\n\t\t\t\t\t<\/div>\n\t\t\t\t<\/div>\n\t\t<div class=\"elementor-element elementor-element-a3c6a7f e-flex e-con-boxed e-con e-parent\" data-id=\"a3c6a7f\" data-element_type=\"container\">\n\t\t\t\t\t<div class=\"e-con-inner\">\n\t\t\t\t<div class=\"elementor-element elementor-element-8a140e8 elementor-widget__width-initial elementor-widget elementor-widget-text-editor\" data-id=\"8a140e8\" data-element_type=\"widget\" data-widget_type=\"text-editor.default\">\n\t\t\t\t\t\t\t\t\t<p><strong>POL\u00cdTICA DE PRIVACIDAD WEB RGPD \u2013 Refis Internacional \u00a0\u00a0\u00a0\u00a0\u00a0\u00a0\u00a0\u00a0<\/strong><\/p><p><strong>\u00a0<\/strong><\/p><ol><li>IDENTIFICACI\u00d3N Y CONTACTO<\/li><li>TRATAMIENTOS DE DATOS<\/li><li>DERECHOS Y EJERCICIO DE DERECHOS<\/li><li>MEDIDAS DE SEGURIDAD<\/li><li>MENORES DE EDAD<\/li><\/ol><ol><li>RESPONSABLE. IDENTIFICACI\u00d3N Y CONTACTO<\/li><\/ol><p>Mediante el presente comunicado Refis Internacional, S.L. &#8211; Refis<em>, con domicilio en calle Ram\u00f3n Gallud, n\u00ba 39, planta 4\u00aa, C.P. 03181, Torrevieja (Alicante), pone en conocimiento de los consumidores y usuarios del sitio Web <\/em><a href=\"http:\/\/www.refis.com\">www.refis.com<\/a> su pol\u00edtica de protecci\u00f3n de datos de car\u00e1cter personal, para que los usuarios determinen libre y voluntariamente si desean facilitar a Refis los datos personales que se les requieran para la prestaci\u00f3n de servicios o en su caso venta de productos, oferta de presupuestos que previamente han solicitado por cualquier medio y para la contestaci\u00f3n de consultas, con ocasi\u00f3n de la suscripci\u00f3n, registro o cumplimentaci\u00f3n de cualesquiera formulario de datos online.<\/p><p>Refis se reserva la facultad de modificar esta Pol\u00edtica de Privacidad para mantenerla adaptada a la legislaci\u00f3n vigente sobre protecci\u00f3n de datos. En tales casos, Refis anunciar\u00e1 en este sitio Web los cambios introducidos con razonable antelaci\u00f3n a su puesta en pr\u00e1ctica.<\/p><p>La visita a este sitio Web no implica que el usuario est\u00e9 obligado a facilitar ninguna informaci\u00f3n sobre el mismo. En el caso de que el usuario facilite alguna informaci\u00f3n de car\u00e1cter personal, los datos recogidos en este sitio Web ser\u00e1n tratados de forma leal y l\u00edcita con sujeci\u00f3n en todo momento a los principios y derechos recogidos en Reglamento (UE) 2016\/679 del Parlamento Europeo y del Consejo de 27 de abril de 2016 (RGPD) y en la normativa espa\u00f1ola vigente en materia de protecci\u00f3n de datos personales.<\/p><p>Conforme al Art\u00edculo 13 del Reglamento (UE) 2016\/679 del Parlamento Europeo y del Consejo de 27 de abril de 2016 (RGPD) \u00a0le informamos de que los datos suministrados por usted van a pasar a formar parte de un tratamiento de datos personales.<\/p>\t\t\t\t\t\t\t\t<\/div>\n\t\t\t\t<div class=\"elementor-element elementor-element-51203f3 elementor-widget elementor-widget-text-editor\" data-id=\"51203f3\" data-element_type=\"widget\" data-widget_type=\"text-editor.default\">\n\t\t\t\t\t\t\t\t\t<p>\u00a0<\/p><table width=\"1041\"><tbody><tr><td colspan=\"9\" width=\"1041\"><p><strong>INFORMACI\u00d3N B\u00c1SICA <\/strong><\/p><p><strong>1\u00aa CAPA<\/strong><\/p><\/td><\/tr><tr><td rowspan=\"2\" width=\"150\"><p><strong>RESPONSABLE<\/strong><\/p><\/td><td colspan=\"8\" width=\"891\"><p>Mediante el presente comunicado Refis, con domicilio en calle Ram\u00f3n Gallud, n\u00ba 39, planta 4\u00aa, Torrevieja (Alicante), C.P. 03181 y tel\u00e9fono: 966706397, pone en conocimiento de los consumidores y usuarios del sitio Web <a href=\"http:\/\/www.refis.com\">www.refis.com<\/a> su pol\u00edtica de protecci\u00f3n de datos de car\u00e1cter personal, para que los usuarios determinen libre y voluntariamente si desean facilitar a Refis los datos personales que se les requieran.<\/p><p><strong>\u00a0<\/strong><\/p><\/td><\/tr><tr><td colspan=\"8\" width=\"891\"><p>La visita a este sitio Web no implica que el usuario est\u00e9 obligado a facilitar ninguna informaci\u00f3n sobre el mismo. En el caso de que el usuario facilite alguna informaci\u00f3n de car\u00e1cter personal, los datos recogidos en este sitio Web ser\u00e1n tratados de forma leal y l\u00edcita con sujeci\u00f3n en todo momento a los principios y derechos recogidos en Reglamento (UE) 2016\/679 del Parlamento Europeo y del Consejo de 27 de abril de 2016 (RGPD) y en la normativa espa\u00f1ola vigente en materia de protecci\u00f3n de datos personales.<\/p><p><strong>\u00a0<\/strong><\/p><\/td><\/tr><tr><td width=\"150\"><p><strong>TRATAMIENTO<\/strong><\/p><\/td><td width=\"132\"><p><strong>CATEGORIA DE LOS DATOS A TRATAR<\/strong><\/p><\/td><td width=\"123\"><p><strong>FINALIDAD del tratamiento<\/strong><\/p><\/td><td width=\"94\"><p><strong>BASE LEGAL PARA EL TRATAMIENTO<\/strong><\/p><\/td><td width=\"113\"><p><strong>\u201cDestinatarios\u201d (de cesiones)<\/strong><\/p><\/td><td width=\"104\"><p><strong>TRANSFERENCIA INTERNACIONAL<\/strong><\/p><\/td><td width=\"151\"><p><strong>PLAZO DE CONSERVACI\u00d3N DE LOS DATOS TRATADOS<\/strong><\/p><\/td><td width=\"85\"><p><strong>DERECHOS DE LOS INTERESADOS<\/strong><\/p><\/td><td width=\"87\"><p><strong>PROCEDENCIA DE LOS DATOS<\/strong><\/p><\/td><\/tr><tr><td width=\"150\"><p><strong>Clientes\/Usuarios Web <\/strong><\/p><p><strong>\u00a0<\/strong><\/p><\/td><td width=\"132\"><p>Datos de contacto usuario web.<\/p><p>Datos anal\u00edticos o de perfiles.<\/p><p>Datos de visitas a web.<\/p><p>Datos usuario newsletters.<\/p><p>Tratamiento de Datos de menores con consentimiento del padre, tutor o representante legal.<\/p><p>Se proh\u00edbe expresamente el env\u00edo de datos especialmente protegidos.<\/p><\/td><td width=\"123\"><p>Proporcionar acceso a los contenidos<\/p><p>a efectos estad\u00edsticos, aplicar medidas encaminadas a la seguridad de la web<\/p><p>Ofrecer un canal de comunicaci\u00f3n entre el usuario y el responsable ,<\/p><p>La gesti\u00f3n y mantenimiento de los usuarios a los efectos de los servicios ofrecidos en la web.<\/p><\/td><td width=\"94\"><p>Consentimiento de usuario de la \u00a0p\u00e1gina web.<\/p><p>Inter\u00e9s leg\u00edtimo\u00a0 para gestionar los servicios ofrecidos a trav\u00e9s de la Web. \u00a0\u00a0<\/p><\/td><td width=\"113\"><p>Cesiones de datos previstas a distintos cesionarios detallados en la segunda\u00a0 capa informativa.<\/p><p>El principal destinatario de los datos es el titular de la p\u00e1gina web (Responsable del tratamiento).<\/p><\/td><td width=\"104\"><p>No se prev\u00e9n.<\/p><\/td><td width=\"151\"><p>En todo caso mientras se mantenga la vigencia del consentimiento, es decir mientras no se solicite su supresi\u00f3n.<\/p><p>Plazo legalmente previsto para cumplir con obligaciones leales.<\/p><\/td><td width=\"85\"><p>Informaci\u00f3n<\/p><p>Acceso<\/p><p>Rectificaci\u00f3n<\/p><p>Oposici\u00f3n<\/p><p>Supresi\u00f3n<\/p><p>Limitaci\u00f3n<\/p><\/td><td width=\"87\"><p>Del propio usuario o interesado.<\/p><\/td><\/tr><tr><td width=\"150\"><p><strong>Tratamiento en Redes Sociales <\/strong><\/p><\/td><td width=\"132\"><p>Datos de contacto: nombre y apellidos, tel\u00e9fono y e-mail<\/p><\/td><td width=\"123\"><p>Establecimiento y mantenimiento de relaciones en el entorno de las redes sociales<\/p><\/td><td width=\"94\"><p>Consentimiento expreso<\/p><\/td><td width=\"113\"><p>Otros usuarios y<\/p><p>proveedores de redes Sociales<\/p><p>Ej. Facebook, Twitter\u2026.<\/p><\/td><td width=\"104\"><p>No se prev\u00e9n.<\/p><\/td><td width=\"151\"><p>El m\u00ednimo imprescindible.<\/p><p>Sin determinar.<\/p><p>Plazo legalmente previsto para \u00a0\u00a0cumplir con obligaciones legales.<\/p><\/td><td width=\"85\"><p>Informaci\u00f3n<\/p><p>Acceso<\/p><p>Rectificaci\u00f3n<\/p><p>Oposici\u00f3n<\/p><p>Supresi\u00f3n<\/p><p>Limitaci\u00f3n<\/p><p>Portabilidad<\/p><p>No decisi\u00f3n automatizada<\/p><p><strong>\u00a0<\/strong><\/p><\/td><td width=\"87\"><p>Del propio usuario o interesado.<\/p><\/td><\/tr><tr><td width=\"150\"><p><strong>Aspirantes a formar parte del departamento de RR.HH.<\/strong><\/p><p><strong>\u00a0<\/strong><\/p><p><strong>\u00a0<\/strong><\/p><p><strong>\u00a0<\/strong><\/p><p><strong>\u00a0<\/strong><\/p><p><strong>\u00a0<\/strong><\/p><p><strong>\u00a0<\/strong><\/p><p><strong>\u00a0<\/strong><\/p><\/td><td width=\"132\"><p>\u00a0Datos identificativos.<\/p><\/td><td width=\"123\"><p>Gesti\u00f3n del departamento de RR.HH.<\/p><\/td><td width=\"94\"><p>Ejecuci\u00f3n de un pacto, acuerdo o contrato verbal o por escrito<\/p><\/td><td width=\"113\"><p>No se prev\u00e9n salvo las previstas legalmente<\/p><\/td><td width=\"104\"><p>No se prev\u00e9n en ning\u00fan caso<\/p><\/td><td width=\"151\"><p>El m\u00ednimo imprescindible.<\/p><p>Plazo legalmente previsto para\u00a0\u00a0 cumplir con obligaciones legales.<\/p><\/td><td width=\"85\"><p>Informaci\u00f3n<\/p><p>Acceso<\/p><p>Rectificaci\u00f3n<\/p><p>Oposici\u00f3n<\/p><p>Supresi\u00f3n<\/p><p>Limitaci\u00f3n<\/p><p>Portabilidad<\/p><\/td><td width=\"87\"><p>Del propio usuario o interesado.<\/p><\/td><\/tr><\/tbody><\/table><table width=\"1041\"><tbody><tr><td colspan=\"17\" width=\"1040\"><p><strong>INFORMACI\u00d3N B\u00c1SICA <\/strong><\/p><p><strong>2\u00aa CAPA<\/strong><\/p><\/td><td width=\"1\">\u00a0<\/td><\/tr><tr><td colspan=\"2\" rowspan=\"2\" width=\"150\"><p><strong>RESPONSABLE<\/strong><\/p><\/td><td colspan=\"16\" width=\"891\"><p>Mediante el presente comunicado Refis Internacional, S.L., con domicilio en calle Ram\u00f3n Gallud, n\u00ba 39, 4\u00aa planta, Torrevieja (Alicante), C.P. 03181 y tel\u00e9fono: 966706397, pone en conocimiento de los consumidores y usuarios del sitio Web <a href=\"http:\/\/www.refis.es\">www.refis.com<\/a> su pol\u00edtica de protecci\u00f3n de datos de car\u00e1cter personal, para que los usuarios determinen libre y voluntariamente si desean facilitar a Refis los datos personales que se les requieran. \u00a0<\/p><p><strong>\u00a0<\/strong><\/p><\/td><\/tr><tr><td colspan=\"16\" width=\"891\"><p>La visita a este sitio Web no implica que el usuario est\u00e9 obligado a facilitar ninguna informaci\u00f3n sobre el mismo. En el caso de que el usuario facilite alguna informaci\u00f3n de car\u00e1cter personal, los datos recogidos en este sitio Web ser\u00e1n tratados de forma leal y l\u00edcita con sujeci\u00f3n en todo momento a los principios y derechos recogidos en Reglamento (UE) 2016\/679 del Parlamento Europeo y del Consejo de 27 de abril de 2016 (RGPD) y en la normativa espa\u00f1ola vigente en materia de protecci\u00f3n de datos personales.<\/p><p><strong>\u00a0<\/strong><\/p><\/td><\/tr><tr><td colspan=\"2\" width=\"150\"><p><strong>TRATAMIENTO<\/strong><\/p><\/td><td width=\"132\"><p><strong>CATEGORIA DE LOS DATOS A TRATAR<\/strong><\/p><\/td><td colspan=\"2\" width=\"123\"><p><strong>FINALIDAD del tratamiento<\/strong><\/p><\/td><td colspan=\"2\" width=\"94\"><p><strong>BASE LEGAL PARA EL TRATAMIENTO<\/strong><\/p><\/td><td colspan=\"3\" width=\"113\"><p><strong>\u201cDestinatarios\u201d (de cesiones)<\/strong><\/p><\/td><td colspan=\"2\" width=\"104\"><p><strong>TRANSFERENCIA INTERNACIONAL<\/strong><\/p><\/td><td colspan=\"2\" width=\"151\"><p><strong>PLAZO DE CONSERVACI\u00d3N DE LOS DATOS TRATADOS<\/strong><\/p><\/td><td colspan=\"2\" width=\"85\"><p><strong>DERECHOS DE LOS INTERESADOS<\/strong><\/p><\/td><td colspan=\"2\" width=\"87\"><p><strong>PROCEDENCIA DE LOS DATOS<\/strong><\/p><\/td><\/tr><tr><td colspan=\"2\" width=\"150\"><p><strong>Clientes\/Usuarios Web <\/strong><\/p><p><strong>\u00a0<\/strong><\/p><\/td><td width=\"132\"><p>Datos de contacto usuario web.<\/p><p>Datos anal\u00edticos o de perfiles.<\/p><p>Datos de visitas a web.<\/p><p>Datos usuario newsletters.<\/p><p>Tratamiento de Datos de menores con consentimiento del padre, tutor o representante legal.<\/p><p>Se proh\u00edbe expresamente el env\u00edo de datos especialmente protegidos.<\/p><\/td><td colspan=\"2\" width=\"123\"><p>Proporcionar acceso a los contenidos<\/p><p>a efectos estad\u00edsticos, aplicar medidas encaminadas a la seguridad de la web<\/p><p>Ofrecer un canal de comunicaci\u00f3n entre el usuario y el responsable ,<\/p><p>La gesti\u00f3n y mantenimiento de los usuarios a los efectos de los servicios ofrecidos en la web.<\/p><\/td><td colspan=\"2\" width=\"94\"><p>Consentimiento de usuario de la\u00a0 p\u00e1gina web.<\/p><p>Inter\u00e9s leg\u00edtimo\u00a0 para gestionar los servicios ofrecidos a trav\u00e9s de la Web.\u00a0\u00a0<\/p><\/td><td colspan=\"3\" width=\"113\"><p>Cesiones de datos previstas a distintos cesionarios detallados en la segunda\u00a0 capa informativa.<\/p><p>El principal destinatario de los datos es el titular de la p\u00e1gina web (Responsable del tratamiento).<\/p><\/td><td colspan=\"2\" width=\"104\"><p>No se prev\u00e9n.<\/p><\/td><td colspan=\"2\" width=\"151\"><p>En todo caso mientras se mantenga la vigencia del consentimiento, es decir mientras no se solicite su supresi\u00f3n.<\/p><p>Plazo legalmente previsto para cumplir con obligaciones legales.<\/p><\/td><td colspan=\"2\" width=\"85\"><p>Informaci\u00f3n<\/p><p>Acceso<\/p><p>Rectificaci\u00f3n<\/p><p>Oposici\u00f3n<\/p><p>Supresi\u00f3n<\/p><p>Limitaci\u00f3n<\/p><\/td><td colspan=\"2\" width=\"87\"><p>Del propio usuario o interesado.<\/p><\/td><\/tr><tr><td colspan=\"2\" width=\"150\"><p><strong>Tratamiento en Redes Sociales <\/strong><\/p><p><strong>\u00a0<\/strong><\/p><p><strong>\u00a0<\/strong><\/p><p><strong>\u00a0<\/strong><\/p><p><strong>\u00a0<\/strong><\/p><p><strong>\u00a0<\/strong><\/p><p><strong>\u00a0<\/strong><\/p><p><strong>\u00a0<\/strong><\/p><p><strong>\u00a0<\/strong><\/p><p><strong>\u00a0\u00a0\u00a0\u00a0 \u00a0\u00a0\u00a0\u00a0<\/strong><\/p><p><strong>\u00a0<\/strong><\/p><\/td><td width=\"132\"><p>Datos de contacto: nombre y apellidos, tel\u00e9fono y e-mail<\/p><\/td><td colspan=\"2\" width=\"123\"><p>Establecimiento y mantenimiento de relaciones en el entorno de las redes sociales<\/p><\/td><td colspan=\"2\" width=\"94\"><p>Consentimiento expreso<\/p><\/td><td colspan=\"3\" width=\"113\"><p>Otros usuarios y<\/p><p>proveedores de redes Sociales<\/p><p>Ej. Facebook, Twitter\u2026.<\/p><\/td><td colspan=\"2\" width=\"104\"><p>No se prev\u00e9n.<\/p><\/td><td colspan=\"2\" width=\"151\"><p>El m\u00ednimo imprescindible.<\/p><p>Sin determinar.<\/p><p>Plazo legalmente previsto para\u00a0\u00a0 cumplir con obligaciones legales.<\/p><\/td><td colspan=\"2\" width=\"85\"><p>Informaci\u00f3n<\/p><p>Acceso<\/p><p>Rectificaci\u00f3n<\/p><p>Oposici\u00f3n<\/p><p>Supresi\u00f3n<\/p><p>Limitaci\u00f3n<\/p><p>Portabilidad<\/p><p>No decisi\u00f3n automatizada<\/p><p><strong>\u00a0<\/strong><\/p><\/td><td colspan=\"2\" width=\"87\"><p>Del propio usuario o interesado.<\/p><\/td><\/tr><tr><td colspan=\"2\" width=\"150\"><p><strong>Aspirantes a formar parte del departamento de RR.HH.<\/strong><\/p><p><strong>\u00a0<\/strong><\/p><p><strong>\u00a0<\/strong><\/p><p><strong>\u00a0<\/strong><\/p><p><strong>\u00a0<\/strong><\/p><p><strong>\u00a0<\/strong><\/p><p><strong>\u00a0<\/strong><\/p><p><strong>\u00a0<\/strong><\/p><\/td><td width=\"132\"><p>\u00a0Datos identificativos.<\/p><\/td><td colspan=\"2\" width=\"123\"><p>Gesti\u00f3n del departamento de RR.HH.<\/p><\/td><td colspan=\"2\" width=\"94\"><p>Ejecuci\u00f3n de un pacto, acuerdo o contrato verbal o por escrito<\/p><\/td><td colspan=\"3\" width=\"113\"><p>No se prev\u00e9n salvo las previstas legalmente<\/p><\/td><td colspan=\"2\" width=\"104\"><p>No se prev\u00e9n en ning\u00fan caso<\/p><\/td><td colspan=\"2\" width=\"151\"><p>El m\u00ednimo imprescindible.<\/p><p>Plazo legalmente previsto para\u00a0\u00a0 cumplir con obligaciones legales.<\/p><\/td><td colspan=\"2\" width=\"85\"><p>Informaci\u00f3n<\/p><p>Acceso<\/p><p>Rectificaci\u00f3n<\/p><p>Oposici\u00f3n<\/p><p>Supresi\u00f3n<\/p><p>Limitaci\u00f3n<\/p><p>Portabilidad<\/p><\/td><td colspan=\"2\" width=\"87\"><p>Del propio usuario o interesado.<\/p><\/td><\/tr><tr><td colspan=\"17\" width=\"1040\"><p><strong>RESPONSABLE TRATAMIENTO y datos de contacto<\/strong> Mediante el presente comunicado Refis Internacional, S.L., con domicilio en calle Ram\u00f3n Gallud, n\u00ba 39, planta 4\u00aa, Torrevieja (Alicante), C.P. 03181 y tel\u00e9fono: 966706397, pone en conocimiento de los consumidores y usuarios del sitio Web <a href=\"http:\/\/www.refis.es\">www.refis.com<\/a> su pol\u00edtica de protecci\u00f3n de datos de car\u00e1cter personal, para que los usuarios determinen libre y voluntariamente si desean facilitar a Refis los datos personales que se les requieran para la prestaci\u00f3n de servicios o en su caso venta de productos, oferta de presupuestos que previamente han solicitado por cualquier medio y para la contestaci\u00f3n de consultas, con ocasi\u00f3n de la suscripci\u00f3n, registro o cumplimentaci\u00f3n de cualesquiera formulario de datos online.<\/p><p>Refis, se reserva la facultad de modificar esta Pol\u00edtica de Privacidad para mantenerla adaptada a la legislaci\u00f3n vigente sobre protecci\u00f3n de datos. En tales casos, Refis anunciar\u00e1 en este sitio Web los cambios introducidos con razonable antelaci\u00f3n a su puesta en pr\u00e1ctica.<\/p><p><strong>\u00a0<\/strong><\/p><\/td><td width=\"1\">\u00a0<\/td><\/tr><tr><td width=\"124\"><p><strong>TRATAMIENTO<\/strong><\/p><\/td><td colspan=\"3\" width=\"170\"><p><strong>CATEGORIA DE LOS DATOS A TRATAR<\/strong><\/p><\/td><td colspan=\"2\" width=\"123\"><p><strong>FINALIDAD del tratamiento<\/strong><\/p><\/td><td colspan=\"2\" width=\"95\"><p><strong>BASE LEGAL PARA EL TRATAMIENTO<\/strong><\/p><\/td><td width=\"85\"><p><strong>\u201cDestinatarios\u201d (de cesiones o transferencias)<\/strong><\/p><\/td><td colspan=\"2\" width=\"104\"><p><strong>TRANSFERENCIA INTERNACIONAL<\/strong><\/p><\/td><td colspan=\"2\" width=\"94\"><p><strong>PLAZO DE CONSERVACI\u00d3N DE LOS DATOS TRATADOS<\/strong><\/p><\/td><td colspan=\"2\" width=\"85\"><p><strong>DERECHOS DE LOS INTERESADOS<\/strong><\/p><\/td><td colspan=\"2\" width=\"160\"><p><strong>PROCEDENCIA DE LOS DATOS<\/strong><\/p><\/td><td width=\"1\">\u00a0<\/td><\/tr><tr><td width=\"124\"><p><strong>Tratamiento en Redes Sociales <\/strong><\/p><\/td><td colspan=\"3\" width=\"170\"><p>Datos de car\u00e1cter identificativo.<\/p><p>Datos sobre informaci\u00f3n comercial (actividades y negocios, suscripciones a publicaciones, creaciones art\u00edsticas, literarias, cient\u00edficas o t\u00e9cnicas).<\/p><\/td><td colspan=\"2\" width=\"123\"><p>Gesti\u00f3n integral de los datos personales de los usuarios de las distintas redes sociales para la utilizaci\u00f3n de dichas redes sociales como herramienta comunicativa y su empleo para establecer y mantener relaciones leg\u00edtimas con dichos usuarios.<\/p><\/td><td colspan=\"2\" width=\"95\"><p>\u00a0El inter\u00e9s leg\u00edtimo perseguido por el responsable del tratamiento que leg\u00edtima o legaliza el tratamiento de sus datos personales es la petici\u00f3n o aceptaci\u00f3n por usted de manera expresa del alta o registro como usuario de la p\u00e1gina corporativa en la red social en cuesti\u00f3n\u00a0 de nuestra empresa, siempre y cuando sobre dichos intereses no prevalezcan los intereses o derechos y libertades fundamentales del interesado o afectado.<\/p><p><strong>\u00a0<\/strong><\/p><\/td><td width=\"85\"><p>Organizaci\u00f3n o persona directamente relacionada con el responsable.<\/p><p>Fuerzas y cuerpos de seguridad.<\/p><p>Proveedores de redes sociales, usuarios de las redes sociales.<\/p><p>Administraci\u00f3n de Justicia.<\/p><\/td><td colspan=\"2\" width=\"104\"><p>No se prev\u00e9n.<\/p><\/td><td colspan=\"2\" width=\"94\"><p>\u00c9stos ser\u00e1n conservados mientras sean necesarios o pertinentes para la finalidad para la cual hubieran sido recabados o registrados. Por lo tanto se proceder\u00e1 a su cancelaci\u00f3n cuando \u00e9stos hayan dejado de ser necesarios para cumplir con las finalidades leg\u00edtimas descritas anteriormente, siendo a continuaci\u00f3n suprimidos de manera definitiva e irreversible, una vez finalizado el plazo temporal del bloqueo de los datos personales.<\/p><\/td><td colspan=\"2\" width=\"85\"><p>Conforme a lo estipulado por el RGPD le comunicamos la existencia del derecho a retirar su consentimiento para el tratamiento de sus datos personales, sin que ello afecte a la licitud del tratamiento basado en el consentimiento previo a su retirada.<\/p><p>Asimismo tambi\u00e9n le informamos de su derecho a presentar en su caso una reclamaci\u00f3n ante la autoridad de control nacional (Agencia Espa\u00f1ola de Protecci\u00f3n de Datos \u2013 AEPD).<\/p><\/td><td colspan=\"2\" width=\"160\"><p><strong>\u00a0<\/strong>Del propio usuario o interesado.<\/p><\/td><td width=\"1\">\u00a0<\/td><\/tr><tr><td width=\"124\"><p><strong>Clientes\/Usuarios Web \u00a0<\/strong><\/p><\/td><td colspan=\"3\" width=\"170\"><p>Datos de car\u00e1cter identificativo.<\/p><p>Caracter\u00edsticas personales.<\/p><p>Datos econ\u00f3micos en su caso, como pueden ser los datos bancarios (en ning\u00fan supuesto en el hipot\u00e9tico caso de proceder al pago con tarjeta de cr\u00e9dito o de d\u00e9bito, conservaremos el c\u00f3digo de seguridad CVV) del reverso de la tarjeta.<\/p><p>Datos sobre transacciones de bienes y servicios (bienes y servicios suministrados por el afectado, bienes y servicios recibidos por el afectado, transacciones financieras).<\/p><p>Otros tipos de datos en su caso, no especialmente protegidos o sensibles.<\/p><\/td><td colspan=\"2\" width=\"123\"><p>Gestionar el alta del usuario y el acceso a la P\u00e1gina Web, gestionar los servicios puestos a tu disposici\u00f3n a trav\u00e9s de la P\u00e1gina Web, informarte de la tramitaci\u00f3n y estado de sus solicitudes, responder a tu solicitud de informaci\u00f3n, gestionar todas las utilidades y\/o servicios que ofrece la plataforma al usuario.<\/p><p><strong>\u00a0<\/strong><\/p><\/td><td colspan=\"2\" width=\"95\"><p>El inter\u00e9s leg\u00edtimo perseguido por el responsable del tratamiento que leg\u00edtima o legaliza el tratamiento de sus datos personales es la ejecuci\u00f3n de un acuerdo o contrato por escrito V\u00eda Online, siempre y cuando sobre dichos intereses no prevalezcan los intereses o derechos y libertades fundamentales del interesado o afectado.<\/p><\/td><td width=\"85\"><p>Organizaci\u00f3n o persona directamente relacionada con el responsable.<\/p><p>Administraci\u00f3n tributaria (AEAT).<\/p><p>Bancos y cajas de ahorros y cajas rurales.<\/p><p>Entidades aseguradoras.<\/p><\/td><td colspan=\"2\" width=\"104\"><p>No se prev\u00e9n.<\/p><\/td><td colspan=\"2\" width=\"94\"><p>\u00c9stos ser\u00e1n conservados mientras sean necesarios o pertinentes para la finalidad para la cual hubieran sido recabados o registrados. Por lo tanto se proceder\u00e1 a su cancelaci\u00f3n cuando \u00e9stos hayan dejado de ser necesarios para cumplir con las finalidades leg\u00edtimas descritas anteriormente, siendo a continuaci\u00f3n suprimidos de manera definitiva e irreversible, una vez finalizado el plazo temporal del bloqueo de los datos personales.<\/p><\/td><td colspan=\"2\" width=\"85\"><p>Conforme a lo estipulado por el RGPD le comunicamos la existencia del derecho a retirar su consentimiento para el tratamiento de sus datos personales, sin que ello afecte a la licitud del tratamiento basado en el consentimiento previo a su retirada.<\/p><p>Asimismo tambi\u00e9n le informamos de su derecho a presentar en su caso una reclamaci\u00f3n ante la autoridad de control nacional (Agencia Espa\u00f1ola de Protecci\u00f3n de Datos \u2013 AEPD).<\/p><\/td><td colspan=\"2\" width=\"160\"><p>Del propio usuario o interesado. \u00a0\u00a0<\/p><\/td><td width=\"1\">\u00a0<\/td><\/tr><tr><td width=\"124\"><p><strong>Aspirantes a formar parte del departamento de RR.HH.<\/strong><\/p><p><strong>\u00a0\u00a0 \u00a0\u00a0\u00a0\u00a0\u00a0\u00a0\u00a0\u00a0\u00a0\u00a0\u00a0\u00a0\u00a0<\/strong><\/p><\/td><td colspan=\"3\" width=\"170\"><p>Datos econ\u00f3micos, datos acad\u00e9micos y profesionales, detalles del empleo, caracter\u00edsticas personales, transacciones de bienes y servicios, otros tipos de datos tipificados.<\/p><\/td><td colspan=\"2\" width=\"123\"><p>Gesti\u00f3n integral de los datos de las personas que aspiran a formar parte del departamento de Recursos Humanos. Gesti\u00f3n de n\u00f3minas y seguros sociales.<\/p><p>Gesti\u00f3n contable, fiscal y administrativa.<\/p><p>Prevenci\u00f3n de Riesgos Laborales.<\/p><p>Otras finalidades.\u00a0<\/p><\/td><td colspan=\"2\" width=\"95\"><p>El inter\u00e9s leg\u00edtimo perseguido por el responsable del tratamiento que leg\u00edtima o legaliza el tratamiento de sus datos personales es la ejecuci\u00f3n de un acuerdo o contrato por escrito V\u00eda Online, siempre y cuando sobre dichos intereses no prevalezcan los intereses o derechos y libertades fundamentales del interesado o afectado.<\/p><\/td><td width=\"85\"><p>Administraci\u00f3n tributaria (AEAT).<\/p><p>Bancos y cajas de ahorros y cajas rurales.<\/p><p>Entidades aseguradoras con su previo consentimiento expreso.<\/p><p>Organismos de la Seguridad Social.<\/p><\/td><td colspan=\"2\" width=\"104\"><p>No est\u00e1n previstas Transferencias Internacionales de datos personales.<\/p><\/td><td colspan=\"2\" width=\"94\"><p>\u00c9stos ser\u00e1n conservados mientras sean necesarios o pertinentes para la finalidad para la cual hubieran sido recabados o registrados. Por lo tanto se proceder\u00e1 a su cancelaci\u00f3n cuando \u00e9stos hayan dejado de ser necesarios para cumplir con las finalidades leg\u00edtimas descritas anteriormente, siendo a continuaci\u00f3n suprimidos de manera definitiva e irreversible, una vez finalizado el plazo temporal del bloqueo de los datos personales.<\/p><\/td><td colspan=\"2\" width=\"85\"><p>Conforme a lo estipulado por el RGPD le comunicamos la existencia del derecho a retirar su consentimiento para el tratamiento de sus datos personales, sin que ello afecte a la licitud del tratamiento basado en el consentimiento previo a su retirada.<\/p><p>Asimismo tambi\u00e9n le informamos de su derecho a presentar en su caso una reclamaci\u00f3n ante la autoridad de control nacional (Agencia Espa\u00f1ola de Protecci\u00f3n de Datos \u2013 AEPD).<\/p><\/td><td colspan=\"2\" width=\"160\"><p>Del propio usuario, interesado o representante legal.\u00a0 \u00a0\u00a0\u00a0\u00a0<\/p><\/td><td width=\"1\">\u00a0<\/td><\/tr><tr><td width=\"124\">\u00a0<\/td><td width=\"26\">\u00a0<\/td><td width=\"132\">\u00a0<\/td><td width=\"12\">\u00a0<\/td><td width=\"111\">\u00a0<\/td><td width=\"12\">\u00a0<\/td><td width=\"83\">\u00a0<\/td><td width=\"12\">\u00a0<\/td><td width=\"85\">\u00a0<\/td><td width=\"17\">\u00a0<\/td><td width=\"87\">\u00a0<\/td><td width=\"17\">\u00a0<\/td><td width=\"78\">\u00a0<\/td><td width=\"73\">\u00a0<\/td><td width=\"12\">\u00a0<\/td><td width=\"73\">\u00a0<\/td><td width=\"87\">\u00a0<\/td><td width=\"1\">\u00a0<\/td><\/tr><\/tbody><\/table>\t\t\t\t\t\t\t\t<\/div>\n\t\t\t\t<div class=\"elementor-element elementor-element-8c9ff90 elementor-widget__width-initial elementor-widget elementor-widget-text-editor\" data-id=\"8c9ff90\" data-element_type=\"widget\" data-widget_type=\"text-editor.default\">\n\t\t\t\t\t\t\t\t\t<p>\u00a0EJERCICIO DE DERECHOS DE INTERESADOS O AFECTADOS \u00a0\u00a0\u00a0\u00a0\u00a0\u00a0\u00a0\u00a0\u00a0<\/p><p>De conformidad con lo establecido en los art\u00edculos 15 a 22 del RGPD de la Uni\u00f3n Europea usted podr\u00e1 ejercitar los derechos que a continuaci\u00f3n detallamos mandando un escrito a la siguiente direcci\u00f3n: Refis Internacional, S.L.,\u00a0 calle Ram\u00f3n Gallud, n\u00ba 39, 4\u00aa planta, Torrevieja (Alicante), C.P. 03181, Tel: 966706397, personalmente en nuestra sede acreditando su identidad o mediante v\u00eda electr\u00f3nica acreditando su personalidad, en la direcci\u00f3n <a href=\"mailto:info@refis.com\">info@refis.com<\/a>. \u00a0<\/p><p>Refis Internacional, S.L. le informa al usuario que tiene los siguientes derechos derivados de la normativa aplicable:<\/p><p><u>Derecho de acceso<\/u>: permite al titular de los datos obtener informaci\u00f3n sobre si Refis est\u00e1 tratando datos personales que le conciernen o no y, en tal caso, derecho a obtener informaci\u00f3n sobre sus datos de car\u00e1cter personal sometidos a tratamiento.<\/p><p><u>Derecho de rectificaci\u00f3n<\/u>: permite corregir errores y modificar los datos inexactos o incompletos.<\/p><p><u>Derecho de supresi\u00f3n<\/u>: permite que los datos sean suprimidos y dejen de tratarse por Refis, salvo que exista obligaci\u00f3n legal de conservarlos y\/o no prevalezcan otros motivos leg\u00edtimos para su tratamiento.<\/p><p><u>Derecho de limitaci\u00f3n<\/u>: bajo las condiciones establecidas legalmente: a) el interesado impugne la exactitud de los datos personales, durante un plazo que permita al responsable verificar la exactitud de los mismos; b) el tratamiento sea il\u00edcito y el interesado se oponga a la supresi\u00f3n de los datos personales y solicite en su lugar la limitaci\u00f3n de su uso; c) el responsable ya no necesite los datos personales para los fines del tratamiento, pero el interesado los necesite para la formulaci\u00f3n, el ejercicio o la defensa de reclamaciones; d) el interesado se haya opuesto al tratamiento en virtud del art\u00edculo 21, apartado 1, mientras se verifica si los motivos leg\u00edtimos del responsable prevalecen sobre los del interesado, permite que cese el tratamiento de datos, de tal manera que se evite por parte de Refis su tratamiento en un futuro. En atenci\u00f3n y cumplimiento al considerando 67 del RGPD los m\u00e9todos para limitar el tratamiento de datos personales ser\u00e1n:<\/p><ol><li>Trasladar temporalmente los datos seleccionados a otro sistema de tratamiento.<\/li><li>Impedir el acceso de usuarios a los datos personales seleccionados.<\/li><li>Retirar temporalmente los datos publicados de un sitio internet.<\/li><li>Indicar claramente en el sistema (fichero automatizado) que los datos que se pretenden tratar se encuentra limitado su tratamiento.<\/li><\/ol><p>Cuando se ejerza la limitaci\u00f3n por el interesado, Refis \u00fanicamente los conservar\u00e1 para el ejercicio o la defensa de reclamaciones.<\/p><p><u>Derecho de oposici\u00f3n<\/u>: en determinadas circunstancias y por motivos relacionados con su situaci\u00f3n particular, los interesados podr\u00e1n oponerse al tratamiento de sus datos. Refis dejar\u00e1 de tratar los datos, salvo por motivos leg\u00edtimos imperiosos, o el ejercicio o la defensa de posibles reclamaciones.<\/p><p><u>Derecho de a la portabilidad<\/u>: permite al interesado recibir sus datos personales y poder transmitirlos directamente a otro responsable en un formato estructurado, de uso com\u00fan y lectura mec\u00e1nica.<\/p><p><u>Derecho a no ser objeto de decisiones automatizadas que produzcan efectos jur\u00eddicos: <\/u><\/p><p>Se informa de que el tratamiento de sus datos para las finalidades indicadas, no implicar\u00e1 por parte de Refis la aplicaci\u00f3n de decisiones automatizadas que produzcan efectos jur\u00eddicos para el interesado<\/p><p><strong>\u00a0<\/strong><\/p><p><strong>*<\/strong>Respecto al ejercicio de los derechos anteriormente referenciados en el entorno de redes sociales (acceso, rectificaci\u00f3n, oposici\u00f3n, supresi\u00f3n, derecho a retirar su consentimiento, limitaci\u00f3n, portabilidad, a no ser objeto de decisiones automatizadas que produzcan efectos jur\u00eddicos) s\u00f3lo podemos actuar conforme a las posibilidades que ofrecen las redes sociales, debi\u00e9ndose dirigir a ellos en caso de que los usuarios quieran ejercitar alg\u00fan derecho de este tipo. No obstante, pueden darse de baja de nuestras p\u00e1ginas en cualquier momento dejando de ser fan de las mismas, si bien la red social podr\u00eda conservar los comentarios que previamente hayan realizado en nuestro muro. \u00a0\u00a0\u00a0<\/p><p><strong>ENV\u00cdO DE COMUNICACIONES INFORMATIVAS<\/strong><\/p><p>Respecto al env\u00edo de comunicaciones informativas v\u00eda e-mail u otros medios de comunicaci\u00f3n electr\u00f3nica equivalente, dado que la direcci\u00f3n de correo electr\u00f3nico del usuario es un dato de car\u00e1cter personal cuando permite identificarle, mediante su recogida en el formulario de datos online el usuario autoriza expresamente a Refis su tratamiento para el env\u00edo de comunicaciones comerciales o promocionales concernientes a los productos o servicios\u00a0 que presta esta empresa. Estas comunicaciones estar\u00e1n precedidas por la palabra publicidad al comienzo del mensaje e identificar\u00e1n claramente a Refis. No obstante, usted puede revocar en cualquier momento su consentimiento para la recepci\u00f3n de comunicaciones informativas con la simple notificaci\u00f3n a nuestra direcci\u00f3n de correo electr\u00f3nico (<a href=\"mailto:info@refis.com\">info@refis.com<\/a>) o llamando al tel\u00e9fono 966706397.<\/p><p><strong>MEDIDAS DE SEGURIDAD<\/strong><\/p><p><strong>\u00a0<\/strong><\/p><p><strong>Refis Internacional, S.L.<\/strong> ha adoptado todas las medidas t\u00e9cnicas y organizativas necesarias para garantizar la seguridad de los datos de car\u00e1cter personal y evitar su alteraci\u00f3n, p\u00e9rdida, tratamiento o acceso no autorizado. El nivel de seguridad adoptado est\u00e1 en consonancia con la naturaleza de los datos personales suministrados.<\/p><p>Conforme a lo establecido en el art\u00edculo 32 del RGPD, <strong>Refis Internacional, S.L.<\/strong> como responsable del tratamiento, teniendo en cuenta el estado de la t\u00e9cnica, los costes de aplicaci\u00f3n, y la naturaleza, el alcance, el contexto y los fines del tratamiento, as\u00ed como riesgos de probabilidad y gravedad variables para los derechos y libertades de las personas f\u00edsicas, aplicar\u00e1 medidas t\u00e9cnicas y organizativas apropiadas para garantizar un nivel de seguridad adecuado al riesgo, que en su caso incluir\u00e1, entre otros:<\/p><ul><li>La seudonimizaci\u00f3n y el cifrado de datos personales;<\/li><li>La capacidad de garantizar la confidencialidad, integridad, disponibilidad y resilencia permanentes de los sistemas y servicios de tratamiento;<\/li><li>La capacidad de restaurar la disponibilidad y el acceso a los datos personales de forma r\u00e1pida en caso de incidente f\u00edsico o t\u00e9cnico;<\/li><li>Un proceso de verificaci\u00f3n, evaluaci\u00f3n y valoraci\u00f3n regulares de la eficacia de las medidas t\u00e9cnicas y organizativas para garantizar la seguridad del tratamiento.<\/li><\/ul><p>Al evaluar la adecuaci\u00f3n del nivel de seguridad se tendr\u00e1 particularmente en cuenta los riesgos que presente el tratamiento de datos, en particular como consecuencia de la destrucci\u00f3n, p\u00e9rdida o alteraci\u00f3n accidental o il\u00edcita de datos personales transmitidos, conservados o tratados de otra forma, o la comunicaci\u00f3n o acceso no autorizados a dichos datos por parte de terceros.<\/p><p><strong>Refis Internacional, S.L.<\/strong> tomar\u00e1\u00a0 medidas para garantizar que cualquier persona que act\u00fae bajo la autoridad del responsable del tratamiento o del encargado del tratamiento y tenga acceso a datos personales solo pueda tratar dichos datos siguiendo instrucciones del responsable, salvo que est\u00e9 obligada a ello en virtud del Derecho de la Uni\u00f3n o de los Estados miembros.<\/p><p><strong>\u00a0<\/strong><\/p><p><strong>\u00a0<\/strong><\/p><p><strong>MENORES DE EDAD<\/strong><\/p><p>No queda permitido, para menores de catorce a\u00f1os sin consentimiento de los titulares de la patria potestad o tutela, la atribuci\u00f3n de la condici\u00f3n de usuario de este sitio web, seg\u00fan la Ley Org\u00e1nica de Protecci\u00f3n de Datos Personales y garant\u00eda de los derechos digitales (LOPDGDD), en base al art\u00edculo 8 del RGPD. El incumplimiento por parte del usuario de esta condici\u00f3n tendr\u00e1 como consecuencia la supresi\u00f3n de los datos aportados. \u00a0\u00a0\u00a0\u00a0\u00a0\u00a0\u00a0\u00a0\u00a0\u00a0<\/p>\t\t\t\t\t\t\t\t<\/div>\n\t\t\t\t\t<\/div>\n\t\t\t\t<\/div>\n\t\t\t\t<\/div>\n\t\t","protected":false},"excerpt":{"rendered":"<p>Pol\u00edtica de privacidad POL\u00cdTICA DE PRIVACIDAD WEB RGPD \u2013 Refis Internacional \u00a0\u00a0\u00a0\u00a0\u00a0\u00a0\u00a0\u00a0 \u00a0 IDENTIFICACI\u00d3N Y CONTACTO TRATAMIENTOS DE DATOS DERECHOS Y EJERCICIO DE DERECHOS MEDIDAS DE SEGURIDAD MENORES DE EDAD RESPONSABLE. IDENTIFICACI\u00d3N Y CONTACTO Mediante el presente comunicado Refis Internacional, S.L. &#8211; Refis, con domicilio en calle Ram\u00f3n Gallud, n\u00ba 39, planta 4\u00aa, C.P. 03181, [&hellip;]<\/p>\n","protected":false},"author":1,"featured_media":0,"parent":0,"menu_order":0,"comment_status":"closed","ping_status":"closed","template":"","meta":{"footnotes":""},"class_list":["post-358","page","type-page","status-publish","hentry"],"yoast_head":"<!-- This site is optimized with the Yoast SEO plugin v26.5 - https:\/\/yoast.com\/wordpress\/plugins\/seo\/ -->\n<title>Seguridad de tus datos - Pol\u00edtica de privacidad - REFIS Internacional<\/title>\n<meta name=\"description\" content=\"En REFIS nos preocupamos por la seguridad de tus datos, aprende sobre como tratamos tu informaci\u00f3n en este sitio y.\" \/>\n<meta name=\"robots\" content=\"index, follow, max-snippet:-1, max-image-preview:large, max-video-preview:-1\" \/>\n<link rel=\"canonical\" href=\"https:\/\/refis.com\/es\/politica-de-privacidad\/\" \/>\n<meta property=\"og:locale\" content=\"es_ES\" \/>\n<meta property=\"og:type\" content=\"article\" \/>\n<meta property=\"og:title\" content=\"Seguridad de tus datos - Pol\u00edtica de privacidad - REFIS Internacional\" \/>\n<meta property=\"og:description\" content=\"En REFIS nos preocupamos por la seguridad de tus datos, aprende sobre como tratamos tu informaci\u00f3n en este sitio y.\" \/>\n<meta property=\"og:url\" content=\"https:\/\/refis.com\/es\/politica-de-privacidad\/\" \/>\n<meta property=\"og:site_name\" content=\"REFIS Internacional\" \/>\n<meta property=\"article:modified_time\" content=\"2026-04-22T06:59:40+00:00\" \/>\n<meta name=\"twitter:card\" content=\"summary_large_image\" \/>\n<meta name=\"twitter:label1\" content=\"Tiempo de lectura\" \/>\n\t<meta name=\"twitter:data1\" content=\"17 minutos\" \/>\n<script type=\"application\/ld+json\" class=\"yoast-schema-graph\">{\"@context\":\"https:\/\/schema.org\",\"@graph\":[{\"@type\":\"WebPage\",\"@id\":\"https:\/\/refis.com\/es\/politica-de-privacidad\/\",\"url\":\"https:\/\/refis.com\/es\/politica-de-privacidad\/\",\"name\":\"Seguridad de tus datos - Pol\u00edtica de privacidad - REFIS Internacional\",\"isPartOf\":{\"@id\":\"https:\/\/refis.com\/es\/#website\"},\"datePublished\":\"2025-10-27T09:34:52+00:00\",\"dateModified\":\"2026-04-22T06:59:40+00:00\",\"description\":\"En REFIS nos preocupamos por la seguridad de tus datos, aprende sobre como tratamos tu informaci\u00f3n en este sitio y.\",\"breadcrumb\":{\"@id\":\"https:\/\/refis.com\/es\/politica-de-privacidad\/#breadcrumb\"},\"inLanguage\":\"es\",\"potentialAction\":[{\"@type\":\"ReadAction\",\"target\":[\"https:\/\/refis.com\/es\/politica-de-privacidad\/\"]}]},{\"@type\":\"BreadcrumbList\",\"@id\":\"https:\/\/refis.com\/es\/politica-de-privacidad\/#breadcrumb\",\"itemListElement\":[{\"@type\":\"ListItem\",\"position\":1,\"name\":\"Portada\",\"item\":\"https:\/\/refis.com\/es\/\"},{\"@type\":\"ListItem\",\"position\":2,\"name\":\"Pol\u00edtica de privacidad\"}]},{\"@type\":\"WebSite\",\"@id\":\"https:\/\/refis.com\/es\/#website\",\"url\":\"https:\/\/refis.com\/es\/\",\"name\":\"REFIS Internacional\",\"description\":\"Despacho especializado en asesor\u00eda fiscal, legal y de consultor\u00eda, dedicado a ofrecer soluciones integrales a particulares y empresas para optimizar su gesti\u00f3n, garantizar el cumplimiento normativo y apoyar en la toma de decisiones estrat\u00e9gicas.\",\"publisher\":{\"@id\":\"https:\/\/refis.com\/es\/#organization\"},\"potentialAction\":[{\"@type\":\"SearchAction\",\"target\":{\"@type\":\"EntryPoint\",\"urlTemplate\":\"https:\/\/refis.com\/es\/?s={search_term_string}\"},\"query-input\":{\"@type\":\"PropertyValueSpecification\",\"valueRequired\":true,\"valueName\":\"search_term_string\"}}],\"inLanguage\":\"es\"},{\"@type\":\"Organization\",\"@id\":\"https:\/\/refis.com\/es\/#organization\",\"name\":\"REFIS Internacional\",\"url\":\"https:\/\/refis.com\/es\/\",\"logo\":{\"@type\":\"ImageObject\",\"inLanguage\":\"es\",\"@id\":\"https:\/\/refis.com\/es\/#\/schema\/logo\/image\/\",\"url\":\"https:\/\/refis.com\/wp-content\/uploads\/2025\/09\/Diseno-sin-titulo-25.png\",\"contentUrl\":\"https:\/\/refis.com\/wp-content\/uploads\/2025\/09\/Diseno-sin-titulo-25.png\",\"width\":500,\"height\":500,\"caption\":\"REFIS Internacional\"},\"image\":{\"@id\":\"https:\/\/refis.com\/es\/#\/schema\/logo\/image\/\"}}]}<\/script>\n<!-- \/ Yoast SEO plugin. -->","yoast_head_json":{"title":"Seguridad de tus datos - Pol\u00edtica de privacidad - REFIS Internacional","description":"En REFIS nos preocupamos por la seguridad de tus datos, aprende sobre como tratamos tu informaci\u00f3n en este sitio y.","robots":{"index":"index","follow":"follow","max-snippet":"max-snippet:-1","max-image-preview":"max-image-preview:large","max-video-preview":"max-video-preview:-1"},"canonical":"https:\/\/refis.com\/es\/politica-de-privacidad\/","og_locale":"es_ES","og_type":"article","og_title":"Seguridad de tus datos - Pol\u00edtica de privacidad - REFIS Internacional","og_description":"En REFIS nos preocupamos por la seguridad de tus datos, aprende sobre como tratamos tu informaci\u00f3n en este sitio y.","og_url":"https:\/\/refis.com\/es\/politica-de-privacidad\/","og_site_name":"REFIS Internacional","article_modified_time":"2026-04-22T06:59:40+00:00","twitter_card":"summary_large_image","twitter_misc":{"Tiempo de lectura":"17 minutos"},"schema":{"@context":"https:\/\/schema.org","@graph":[{"@type":"WebPage","@id":"https:\/\/refis.com\/es\/politica-de-privacidad\/","url":"https:\/\/refis.com\/es\/politica-de-privacidad\/","name":"Seguridad de tus datos - Pol\u00edtica de privacidad - REFIS Internacional","isPartOf":{"@id":"https:\/\/refis.com\/es\/#website"},"datePublished":"2025-10-27T09:34:52+00:00","dateModified":"2026-04-22T06:59:40+00:00","description":"En REFIS nos preocupamos por la seguridad de tus datos, aprende sobre como tratamos tu informaci\u00f3n en este sitio y.","breadcrumb":{"@id":"https:\/\/refis.com\/es\/politica-de-privacidad\/#breadcrumb"},"inLanguage":"es","potentialAction":[{"@type":"ReadAction","target":["https:\/\/refis.com\/es\/politica-de-privacidad\/"]}]},{"@type":"BreadcrumbList","@id":"https:\/\/refis.com\/es\/politica-de-privacidad\/#breadcrumb","itemListElement":[{"@type":"ListItem","position":1,"name":"Portada","item":"https:\/\/refis.com\/es\/"},{"@type":"ListItem","position":2,"name":"Pol\u00edtica de privacidad"}]},{"@type":"WebSite","@id":"https:\/\/refis.com\/es\/#website","url":"https:\/\/refis.com\/es\/","name":"REFIS Internacional","description":"Despacho especializado en asesor\u00eda fiscal, legal y de consultor\u00eda, dedicado a ofrecer soluciones integrales a particulares y empresas para optimizar su gesti\u00f3n, garantizar el cumplimiento normativo y apoyar en la toma de decisiones estrat\u00e9gicas.","publisher":{"@id":"https:\/\/refis.com\/es\/#organization"},"potentialAction":[{"@type":"SearchAction","target":{"@type":"EntryPoint","urlTemplate":"https:\/\/refis.com\/es\/?s={search_term_string}"},"query-input":{"@type":"PropertyValueSpecification","valueRequired":true,"valueName":"search_term_string"}}],"inLanguage":"es"},{"@type":"Organization","@id":"https:\/\/refis.com\/es\/#organization","name":"REFIS Internacional","url":"https:\/\/refis.com\/es\/","logo":{"@type":"ImageObject","inLanguage":"es","@id":"https:\/\/refis.com\/es\/#\/schema\/logo\/image\/","url":"https:\/\/refis.com\/wp-content\/uploads\/2025\/09\/Diseno-sin-titulo-25.png","contentUrl":"https:\/\/refis.com\/wp-content\/uploads\/2025\/09\/Diseno-sin-titulo-25.png","width":500,"height":500,"caption":"REFIS Internacional"},"image":{"@id":"https:\/\/refis.com\/es\/#\/schema\/logo\/image\/"}}]}},"_links":{"self":[{"href":"https:\/\/refis.com\/es\/wp-json\/wp\/v2\/pages\/358","targetHints":{"allow":["GET"]}}],"collection":[{"href":"https:\/\/refis.com\/es\/wp-json\/wp\/v2\/pages"}],"about":[{"href":"https:\/\/refis.com\/es\/wp-json\/wp\/v2\/types\/page"}],"author":[{"embeddable":true,"href":"https:\/\/refis.com\/es\/wp-json\/wp\/v2\/users\/1"}],"replies":[{"embeddable":true,"href":"https:\/\/refis.com\/es\/wp-json\/wp\/v2\/comments?post=358"}],"version-history":[{"count":17,"href":"https:\/\/refis.com\/es\/wp-json\/wp\/v2\/pages\/358\/revisions"}],"predecessor-version":[{"id":1172,"href":"https:\/\/refis.com\/es\/wp-json\/wp\/v2\/pages\/358\/revisions\/1172"}],"wp:attachment":[{"href":"https:\/\/refis.com\/es\/wp-json\/wp\/v2\/media?parent=358"}],"curies":[{"name":"wp","href":"https:\/\/api.w.org\/{rel}","templated":true}]}}